{"id":5018,"date":"2024-02-12T19:55:47","date_gmt":"2024-02-13T00:55:47","guid":{"rendered":"https:\/\/intermetperu.com\/?page_id=5018"},"modified":"2024-02-14T10:16:26","modified_gmt":"2024-02-14T15:16:26","slug":"prensa","status":"publish","type":"page","link":"https:\/\/intermetperu.com\/en\/prensa\/","title":{"rendered":"Prensa"},"content":{"rendered":"<div data-elementor-type=\"wp-page\" data-elementor-id=\"5018\" class=\"elementor elementor-5018\" data-elementor-post-type=\"page\">\n\t\t\t\t<div class=\"has_eae_slider elementor-element elementor-element-2a9cd26 e-flex e-con-boxed e-con e-parent\" data-eae-slider=\"54154\" data-id=\"2a9cd26\" data-element_type=\"container\" data-settings=\"{&quot;background_background&quot;:&quot;classic&quot;}\">\n\t\t\t\t\t<div class=\"e-con-inner\">\n\t\t<div class=\"has_eae_slider elementor-element elementor-element-83d6ed6 e-con-full e-flex e-con e-child\" data-eae-slider=\"38891\" data-id=\"83d6ed6\" data-element_type=\"container\">\n\t\t\t\t<div class=\"elementor-element elementor-element-265cf5c elementor-widget elementor-widget-spacer\" data-id=\"265cf5c\" data-element_type=\"widget\" data-widget_type=\"spacer.default\">\n\t\t\t\t<div class=\"elementor-widget-container\">\n\t\t\t\t\t\t\t<div class=\"elementor-spacer\">\n\t\t\t<div class=\"elementor-spacer-inner\"><\/div>\n\t\t<\/div>\n\t\t\t\t\t\t<\/div>\n\t\t\t\t<\/div>\n\t\t\t\t<div class=\"elementor-element elementor-element-2f44dd7 elementor-widget elementor-widget-heading\" data-id=\"2f44dd7\" data-element_type=\"widget\" data-widget_type=\"heading.default\">\n\t\t\t\t<div class=\"elementor-widget-container\">\n\t\t\t\t\t<h1 class=\"elementor-heading-title elementor-size-default\">Prensa<\/h1>\t\t\t\t<\/div>\n\t\t\t\t<\/div>\n\t\t\t\t<div class=\"elementor-element elementor-element-bcb2e58 elementor-widget elementor-widget-text-editor\" data-id=\"bcb2e58\" data-element_type=\"widget\" data-widget_type=\"text-editor.default\">\n\t\t\t\t<div class=\"elementor-widget-container\">\n\t\t\t\t\t\t\t\t\t<p><a style=\"display: inline-block; margin: 0px; padding: 0px; color: #ffffff;\" href=\"https:\/\/intermetperu.com\/index.php\">Inicio<\/a> \u00a0 \/ \u00a0 <span class=\"a-link\" style=\"color: #f5c730; margin: 0px; padding: 0px; display: inline-block;\">Notas de prensa<\/span><\/p>\t\t\t\t\t\t\t\t<\/div>\n\t\t\t\t<\/div>\n\t\t\t\t<div class=\"elementor-element elementor-element-3a113f5 elementor-widget elementor-widget-spacer\" data-id=\"3a113f5\" data-element_type=\"widget\" data-widget_type=\"spacer.default\">\n\t\t\t\t<div class=\"elementor-widget-container\">\n\t\t\t\t\t\t\t<div class=\"elementor-spacer\">\n\t\t\t<div class=\"elementor-spacer-inner\"><\/div>\n\t\t<\/div>\n\t\t\t\t\t\t<\/div>\n\t\t\t\t<\/div>\n\t\t\t\t<\/div>\n\t\t\t\t\t<\/div>\n\t\t\t\t<\/div>\n\t\t<div class=\"has_eae_slider elementor-element elementor-element-fff294f e-flex e-con-boxed e-con e-parent\" data-eae-slider=\"17592\" data-id=\"fff294f\" data-element_type=\"container\" data-settings=\"{&quot;background_background&quot;:&quot;classic&quot;}\">\n\t\t\t\t\t<div class=\"e-con-inner\">\n\t\t<div class=\"has_eae_slider elementor-element elementor-element-4a7eb20 e-con-full e-flex e-con e-child\" data-eae-slider=\"1007\" data-id=\"4a7eb20\" data-element_type=\"container\" data-settings=\"{&quot;background_background&quot;:&quot;classic&quot;}\">\n\t\t\t\t<div class=\"elementor-element elementor-element-cde3df1 elementor-widget elementor-widget-heading\" data-id=\"cde3df1\" data-element_type=\"widget\" data-widget_type=\"heading.default\">\n\t\t\t\t<div class=\"elementor-widget-container\">\n\t\t\t\t\t<h2 class=\"elementor-heading-title elementor-size-default\">MANTENGASE AL D\u00cdA CON LAS NOTICIAS Y ACTUALIZACIONES DE LA MINER\u00cdA<\/h2>\t\t\t\t<\/div>\n\t\t\t\t<\/div>\n\t\t\t\t<\/div>\n\t\t\t\t\t<\/div>\n\t\t\t\t<\/div>\n\t\t<div class=\"has_eae_slider elementor-element elementor-element-2b01e1b e-flex e-con-boxed e-con e-parent\" data-eae-slider=\"13233\" data-id=\"2b01e1b\" data-element_type=\"container\">\n\t\t\t\t\t<div class=\"e-con-inner\">\n\t\t<div class=\"has_eae_slider elementor-element elementor-element-ac6fd5b e-flex e-con-boxed e-con e-child\" data-eae-slider=\"21881\" data-id=\"ac6fd5b\" data-element_type=\"container\">\n\t\t\t\t\t<div class=\"e-con-inner\">\n\t\t<div class=\"has_eae_slider elementor-element elementor-element-ca5a9c3 e-con-full e-flex e-con e-child\" data-eae-slider=\"61013\" data-id=\"ca5a9c3\" data-element_type=\"container\">\n\t\t\t\t<div class=\"elementor-element elementor-element-fbb0093 elementor-widget elementor-widget-image\" data-id=\"fbb0093\" data-element_type=\"widget\" data-widget_type=\"image.default\">\n\t\t\t\t<div class=\"elementor-widget-container\">\n\t\t\t\t\t\t\t\t\t\t\t\t\t\t\t<img fetchpriority=\"high\" decoding=\"async\" width=\"800\" height=\"545\" src=\"https:\/\/intermetperu.com\/wp-content\/uploads\/2024\/02\/pdac2024lanzamiento-1024x698.webp\" class=\"attachment-large size-large wp-image-5107\" alt=\"\" srcset=\"https:\/\/intermetperu.com\/wp-content\/uploads\/2024\/02\/pdac2024lanzamiento-1024x698.webp 1024w, https:\/\/intermetperu.com\/wp-content\/uploads\/2024\/02\/pdac2024lanzamiento-300x205.webp 300w, https:\/\/intermetperu.com\/wp-content\/uploads\/2024\/02\/pdac2024lanzamiento-768x524.webp 768w, https:\/\/intermetperu.com\/wp-content\/uploads\/2024\/02\/pdac2024lanzamiento-18x12.webp 18w, https:\/\/intermetperu.com\/wp-content\/uploads\/2024\/02\/pdac2024lanzamiento.webp 1280w\" sizes=\"(max-width: 800px) 100vw, 800px\" \/>\t\t\t\t\t\t\t\t\t\t\t\t\t\t\t<\/div>\n\t\t\t\t<\/div>\n\t\t\t\t<\/div>\n\t\t<div class=\"has_eae_slider elementor-element elementor-element-f6b1a18 e-con-full e-flex e-con e-child\" data-eae-slider=\"82379\" data-id=\"f6b1a18\" data-element_type=\"container\">\n\t\t\t\t<div class=\"elementor-element elementor-element-e62407d elementor-widget elementor-widget-heading\" data-id=\"e62407d\" data-element_type=\"widget\" data-widget_type=\"heading.default\">\n\t\t\t\t<div class=\"elementor-widget-container\">\n\t\t\t\t\t<h2 class=\"elementor-heading-title elementor-size-default\"><a href=\"https:\/\/www.rumbominero.com\/peru\/noticias\/mineria\/ministro-vera-peru-ira-al-pdac-2024-a-demostrar-que-somos-un-pais-muy-elegible\/\">Ministro Vera: Per\u00fa ir\u00e1 al PDAC 2024 a demostrar que somos un pa\u00eds muy elegible<\/a><\/h2>\t\t\t\t<\/div>\n\t\t\t\t<\/div>\n\t\t\t\t<div class=\"elementor-element elementor-element-c78e61a elementor-widget elementor-widget-text-editor\" data-id=\"c78e61a\" data-element_type=\"widget\" data-widget_type=\"text-editor.default\">\n\t\t\t\t<div class=\"elementor-widget-container\">\n\t\t\t\t\t\t\t\t\t<p id=\"h-el-titular-de-energia-y-minas-senalo-que-ademas-de-la-cartera-de-73-proyectos-informaran-a-los-inversionistas-los-avances-de-la-implementacion-de-la-ventanilla-unica-digital\" class=\"wp-block-heading\">El titular de Energ\u00eda y Minas se\u00f1al\u00f3 que adem\u00e1s de la cartera de 73 proyectos, informar\u00e1n a los inversionistas los avances de la implementaci\u00f3n de la Ventanilla \u00danica Digital.<\/p><p>Vera Gargurevich liderar\u00e1 la delegaci\u00f3n peruana, integrada por autoridades del Gobierno y empresarios del sector minero, que asistir\u00e1 al PDAC 2024 (Prospectors and Developers Association of Canada), a realizarse del 3 al 6 de marzo en Toronto, Canad\u00e1.\u201cNos estamos preparando para ir con nuestros equipos y tener una participaci\u00f3n exitosa en bien de nuestro pa\u00eds\u201d, dijo a Rumbo Minero en el evento del lanzamiento del PDAC 2024, organizado por la Embajada de Canad\u00e1 en Per\u00fa en colaboraci\u00f3n con la C\u00e1mara de Comercio Canad\u00e1-Per\u00fa.<\/p>\t\t\t\t\t\t\t\t<\/div>\n\t\t\t\t<\/div>\n\t\t\t\t<div class=\"elementor-element elementor-element-287f50b elementor-widget elementor-widget-text-editor\" data-id=\"287f50b\" data-element_type=\"widget\" data-widget_type=\"text-editor.default\">\n\t\t\t\t<div class=\"elementor-widget-container\">\n\t\t\t\t\t\t\t\t\t<p>Fuente: Rumbo Minero<br \/>Enlace de referencia: <a href=\"https:\/\/www.rumbominero.com\/peru\/noticias\/mineria\/ministro-vera-peru-ira-al-pdac-2024-a-demostrar-que-somos-un-pais-muy-elegible\/\">https:\/\/www.rumbominero.com\/peru\/noticias\/mineria\/ministro-vera-peru-ira-al-pdac-2024-a-demostrar-que-somos-un-pais-muy-elegible\/<\/a><\/p>\t\t\t\t\t\t\t\t<\/div>\n\t\t\t\t<\/div>\n\t\t\t\t<\/div>\n\t\t\t\t\t<\/div>\n\t\t\t\t<\/div>\n\t\t\t\t<div class=\"elementor-element elementor-element-a4fd4e1 elementor-widget-divider--view-line elementor-widget elementor-widget-divider\" data-id=\"a4fd4e1\" data-element_type=\"widget\" data-widget_type=\"divider.default\">\n\t\t\t\t<div class=\"elementor-widget-container\">\n\t\t\t\t\t\t\t<div class=\"elementor-divider\">\n\t\t\t<span class=\"elementor-divider-separator\">\n\t\t\t\t\t\t<\/span>\n\t\t<\/div>\n\t\t\t\t\t\t<\/div>\n\t\t\t\t<\/div>\n\t\t<div class=\"has_eae_slider elementor-element elementor-element-d7f3790 e-flex e-con-boxed e-con e-child\" data-eae-slider=\"27970\" data-id=\"d7f3790\" data-element_type=\"container\">\n\t\t\t\t\t<div class=\"e-con-inner\">\n\t\t<div class=\"has_eae_slider elementor-element elementor-element-bc1da09 e-con-full e-flex e-con e-child\" data-eae-slider=\"72195\" data-id=\"bc1da09\" data-element_type=\"container\">\n\t\t\t\t<div class=\"elementor-element elementor-element-e8bf910 elementor-widget elementor-widget-image\" data-id=\"e8bf910\" data-element_type=\"widget\" data-widget_type=\"image.default\">\n\t\t\t\t<div class=\"elementor-widget-container\">\n\t\t\t\t\t\t\t\t\t\t\t\t\t\t\t<img decoding=\"async\" width=\"800\" height=\"450\" data-src=\"https:\/\/intermetperu.com\/wp-content\/uploads\/2024\/02\/MUNDO-MINERO-PDAC-2024-impulsando-innovacion-desarrollo-industria-minera-1024x576.png\" class=\"attachment-large size-large wp-image-5106 lazyload\" alt=\"\" data-srcset=\"https:\/\/intermetperu.com\/wp-content\/uploads\/2024\/02\/MUNDO-MINERO-PDAC-2024-impulsando-innovacion-desarrollo-industria-minera-1024x576.png 1024w, https:\/\/intermetperu.com\/wp-content\/uploads\/2024\/02\/MUNDO-MINERO-PDAC-2024-impulsando-innovacion-desarrollo-industria-minera-300x169.png 300w, https:\/\/intermetperu.com\/wp-content\/uploads\/2024\/02\/MUNDO-MINERO-PDAC-2024-impulsando-innovacion-desarrollo-industria-minera-768x432.png 768w, https:\/\/intermetperu.com\/wp-content\/uploads\/2024\/02\/MUNDO-MINERO-PDAC-2024-impulsando-innovacion-desarrollo-industria-minera-1536x864.png 1536w, https:\/\/intermetperu.com\/wp-content\/uploads\/2024\/02\/MUNDO-MINERO-PDAC-2024-impulsando-innovacion-desarrollo-industria-minera-18x10.png 18w, https:\/\/intermetperu.com\/wp-content\/uploads\/2024\/02\/MUNDO-MINERO-PDAC-2024-impulsando-innovacion-desarrollo-industria-minera.png 1920w\" data-sizes=\"(max-width: 800px) 100vw, 800px\" src=\"data:image\/svg+xml;base64,PHN2ZyB3aWR0aD0iMSIgaGVpZ2h0PSIxIiB4bWxucz0iaHR0cDovL3d3dy53My5vcmcvMjAwMC9zdmciPjwvc3ZnPg==\" style=\"--smush-placeholder-width: 800px; --smush-placeholder-aspect-ratio: 800\/450;\" \/>\t\t\t\t\t\t\t\t\t\t\t\t\t\t\t<\/div>\n\t\t\t\t<\/div>\n\t\t\t\t<\/div>\n\t\t<div class=\"has_eae_slider elementor-element elementor-element-6ab8007 e-con-full e-flex e-con e-child\" data-eae-slider=\"20978\" data-id=\"6ab8007\" data-element_type=\"container\">\n\t\t\t\t<div class=\"elementor-element elementor-element-ace76e5 elementor-widget elementor-widget-heading\" data-id=\"ace76e5\" data-element_type=\"widget\" data-widget_type=\"heading.default\">\n\t\t\t\t<div class=\"elementor-widget-container\">\n\t\t\t\t\t<h2 class=\"elementor-heading-title elementor-size-default\"><a href=\"https:\/\/mundominero.com.ec\/pdac-2024-impulsando-la-innovacion-y-el-desarrollo-en-la-industria-minera\/\">PDAC 2024: impulsando la innovaci\u00f3n y el desarrollo en la industria minera<\/a><\/h2>\t\t\t\t<\/div>\n\t\t\t\t<\/div>\n\t\t\t\t<div class=\"elementor-element elementor-element-c20e8c0 elementor-widget elementor-widget-text-editor\" data-id=\"c20e8c0\" data-element_type=\"widget\" data-widget_type=\"text-editor.default\">\n\t\t\t\t<div class=\"elementor-widget-container\">\n\t\t\t\t\t\t\t\t\t<div class=\"flex-1 overflow-hidden\"><div class=\"react-scroll-to-bottom--css-lnumz-79elbk h-full\"><div class=\"react-scroll-to-bottom--css-lnumz-1n7m0yu\"><div class=\"flex flex-col pb-9 text-sm\"><div class=\"w-full text-token-text-primary\" data-testid=\"conversation-turn-17\"><div class=\"px-4 py-2 justify-center text-base md:gap-6 m-auto\"><div class=\"flex flex-1 text-base mx-auto gap-3 md:px-5 lg:px-1 xl:px-5 md:max-w-3xl lg:max-w-[40rem] xl:max-w-[48rem] group final-completion\"><div class=\"relative flex w-full flex-col agent-turn\"><div class=\"flex-col gap-1 md:gap-3\"><div class=\"flex flex-grow flex-col max-w-full\"><div class=\"min-h-[20px] text-message flex flex-col items-start gap-3 whitespace-pre-wrap break-words [.text-message+&amp;]:mt-5 overflow-x-auto\" data-message-author-role=\"assistant\" data-message-id=\"9fe3a412-9939-413d-af0e-c2e58e428b9a\"><div class=\"markdown prose w-full break-words dark:prose-invert dark\"><p>La PDAC 2024 (Prospectors &amp; Developers Association of Canada) es uno de los eventos m\u00e1s destacados para la industria minera este a\u00f1o. Se celebrar\u00e1 del 3 al 6 de marzo en el Metro Toronto Convention Centre. Esta convenci\u00f3n re\u00fane a expertos, inversionistas y representantes de empresas mineras de todo el mundo para discutir tendencias, oportunidades y desaf\u00edos en el sector.<\/p><p>En esta edici\u00f3n, la PDAC abordar\u00e1 temas clave como la sostenibilidad, la innovaci\u00f3n tecnol\u00f3gica y la responsabilidad social corporativa en la miner\u00eda. Se destacan los avances en pr\u00e1cticas ambientales y comunitarias, as\u00ed como la necesidad de adoptar tecnolog\u00edas m\u00e1s limpias y eficientes para reducir el impacto ambiental de la actividad minera.<\/p><\/div><\/div><\/div><\/div><\/div><\/div><\/div><\/div><\/div><\/div><\/div><\/div>\t\t\t\t\t\t\t\t<\/div>\n\t\t\t\t<\/div>\n\t\t\t\t<div class=\"elementor-element elementor-element-8a78f02 elementor-widget elementor-widget-text-editor\" data-id=\"8a78f02\" data-element_type=\"widget\" data-widget_type=\"text-editor.default\">\n\t\t\t\t<div class=\"elementor-widget-container\">\n\t\t\t\t\t\t\t\t\t<p>Fuente: Mundo Minero<br \/>Enlace de referencia: <a href=\"https:\/\/proactivo.com.pe\/embajador-marcotte-pdac-2024-peru-tiene-la-oportunidad-en-toronto-para-demostrar-que-sigue-siendo-un-polo-estrategico-para-inversiones-mineras-exclusivo\/\">https:\/\/mundominero.com.ec\/pdac-2024-impulsando-la-innovacion-y-el-desarrollo-en-la-industria-minera\/https:\/\/proactivo.com.pe\/embajador-marcotte-pdac-2024-peru-tiene-la-oportunidad-en-toronto-para-demostrar-que-sigue-siendo-un-polo-estrategico-para-inversiones-mineras-exclusivo\/<\/a><\/p>\t\t\t\t\t\t\t\t<\/div>\n\t\t\t\t<\/div>\n\t\t\t\t<\/div>\n\t\t\t\t\t<\/div>\n\t\t\t\t<\/div>\n\t\t\t\t<div class=\"elementor-element elementor-element-9c0233a elementor-widget-divider--view-line elementor-widget elementor-widget-divider\" data-id=\"9c0233a\" data-element_type=\"widget\" data-widget_type=\"divider.default\">\n\t\t\t\t<div class=\"elementor-widget-container\">\n\t\t\t\t\t\t\t<div class=\"elementor-divider\">\n\t\t\t<span class=\"elementor-divider-separator\">\n\t\t\t\t\t\t<\/span>\n\t\t<\/div>\n\t\t\t\t\t\t<\/div>\n\t\t\t\t<\/div>\n\t\t<div class=\"has_eae_slider elementor-element elementor-element-2868bba e-flex e-con-boxed e-con e-child\" data-eae-slider=\"37812\" data-id=\"2868bba\" data-element_type=\"container\">\n\t\t\t\t\t<div class=\"e-con-inner\">\n\t\t<div class=\"has_eae_slider elementor-element elementor-element-b7d4bae e-con-full e-flex e-con e-child\" data-eae-slider=\"6781\" data-id=\"b7d4bae\" data-element_type=\"container\">\n\t\t\t\t<div class=\"elementor-element elementor-element-3028ab5 elementor-widget elementor-widget-image\" data-id=\"3028ab5\" data-element_type=\"widget\" data-widget_type=\"image.default\">\n\t\t\t\t<div class=\"elementor-widget-container\">\n\t\t\t\t\t\t\t\t\t\t\t\t\t\t\t<img decoding=\"async\" width=\"750\" height=\"490\" data-src=\"https:\/\/intermetperu.com\/wp-content\/uploads\/2024\/02\/CANADA-EDITADA_NP.jpg\" class=\"attachment-large size-large wp-image-5102 lazyload\" alt=\"\" data-srcset=\"https:\/\/intermetperu.com\/wp-content\/uploads\/2024\/02\/CANADA-EDITADA_NP.jpg 750w, https:\/\/intermetperu.com\/wp-content\/uploads\/2024\/02\/CANADA-EDITADA_NP-300x196.jpg 300w, https:\/\/intermetperu.com\/wp-content\/uploads\/2024\/02\/CANADA-EDITADA_NP-18x12.jpg 18w\" data-sizes=\"(max-width: 750px) 100vw, 750px\" src=\"data:image\/svg+xml;base64,PHN2ZyB3aWR0aD0iMSIgaGVpZ2h0PSIxIiB4bWxucz0iaHR0cDovL3d3dy53My5vcmcvMjAwMC9zdmciPjwvc3ZnPg==\" style=\"--smush-placeholder-width: 750px; --smush-placeholder-aspect-ratio: 750\/490;\" \/>\t\t\t\t\t\t\t\t\t\t\t\t\t\t\t<\/div>\n\t\t\t\t<\/div>\n\t\t\t\t<\/div>\n\t\t<div class=\"has_eae_slider elementor-element elementor-element-ef1934d e-con-full e-flex e-con e-child\" data-eae-slider=\"16522\" data-id=\"ef1934d\" data-element_type=\"container\">\n\t\t\t\t<div class=\"elementor-element elementor-element-87031eb elementor-widget elementor-widget-heading\" data-id=\"87031eb\" data-element_type=\"widget\" data-widget_type=\"heading.default\">\n\t\t\t\t<div class=\"elementor-widget-container\">\n\t\t\t\t\t<h2 class=\"elementor-heading-title elementor-size-default\"><a href=\"http:\/\/intermetperu.com\/wp-content\/uploads\/2024\/02\/peru-y-chile-deben-establecer-alianza-estrategica-2024.pdf\">Embajador Marcotte en PDAC 2024: Per\u00fa, Polo Estrat\u00e9gico para Inversiones Mineras<\/a><\/h2>\t\t\t\t<\/div>\n\t\t\t\t<\/div>\n\t\t\t\t<div class=\"elementor-element elementor-element-081ea6c elementor-widget elementor-widget-text-editor\" data-id=\"081ea6c\" data-element_type=\"widget\" data-widget_type=\"text-editor.default\">\n\t\t\t\t<div class=\"elementor-widget-container\">\n\t\t\t\t\t\t\t\t\t<div class=\"flex-1 overflow-hidden\"><div class=\"react-scroll-to-bottom--css-lnumz-79elbk h-full\"><div class=\"react-scroll-to-bottom--css-lnumz-1n7m0yu\"><div class=\"flex flex-col pb-9 text-sm\"><div class=\"w-full text-token-text-primary\" data-testid=\"conversation-turn-17\"><div class=\"px-4 py-2 justify-center text-base md:gap-6 m-auto\"><div class=\"flex flex-1 text-base mx-auto gap-3 md:px-5 lg:px-1 xl:px-5 md:max-w-3xl lg:max-w-[40rem] xl:max-w-[48rem] group final-completion\"><div class=\"relative flex w-full flex-col agent-turn\"><div class=\"flex-col gap-1 md:gap-3\"><div class=\"flex flex-grow flex-col max-w-full\"><div class=\"min-h-[20px] text-message flex flex-col items-start gap-3 whitespace-pre-wrap break-words [.text-message+&amp;]:mt-5 overflow-x-auto\" data-message-author-role=\"assistant\" data-message-id=\"9fe3a412-9939-413d-af0e-c2e58e428b9a\"><div class=\"markdown prose w-full break-words dark:prose-invert dark\"><p>El embajador de Canad\u00e1 para Per\u00fa y Bolivia, Louis Marcotte, enfatiz\u00f3 la importancia de la participaci\u00f3n del Per\u00fa en el Prospectors &amp; Developers Association of Canada (PDAC) 2024. Destacando el evento como una plataforma crucial, Marcotte resalt\u00f3 la oportunidad para el pa\u00eds andino de demostrar su papel como polo estrat\u00e9gico para la inversi\u00f3n minera y el desarrollo de proyectos modernos. Destacando la robustez de las relaciones bilaterales entre Canad\u00e1 y Per\u00fa, Marcotte subray\u00f3 el crecimiento del comercio y la inversi\u00f3n bilateral en los \u00faltimos a\u00f1os. PDAC 2024 abordar\u00e1 temas cr\u00edticos sobre la importancia de los minerales en un mundo en transici\u00f3n hacia el desarrollo sostenible. La participaci\u00f3n de Per\u00fa en PDAC, que se extiende por m\u00e1s de 13 a\u00f1os, ha sido vital para fortalecer su presencia como proveedor confiable y atractivo para la inversi\u00f3n extranjera en el sector minero.<\/p><\/div><\/div><\/div><\/div><\/div><\/div><\/div><\/div><\/div><\/div><\/div><\/div>\t\t\t\t\t\t\t\t<\/div>\n\t\t\t\t<\/div>\n\t\t\t\t<div class=\"elementor-element elementor-element-87a0c21 elementor-widget elementor-widget-text-editor\" data-id=\"87a0c21\" data-element_type=\"widget\" data-widget_type=\"text-editor.default\">\n\t\t\t\t<div class=\"elementor-widget-container\">\n\t\t\t\t\t\t\t\t\t<p>Fuente: ProActivo<br \/>Enlace de referencia: <a href=\"https:\/\/proactivo.com.pe\/embajador-marcotte-pdac-2024-peru-tiene-la-oportunidad-en-toronto-para-demostrar-que-sigue-siendo-un-polo-estrategico-para-inversiones-mineras-exclusivo\/\">https:\/\/proactivo.com.pe\/embajador-marcotte-pdac-2024-peru-tiene-la-oportunidad-en-toronto-para-demostrar-que-sigue-siendo-un-polo-estrategico-para-inversiones-mineras-exclusivo\/<\/a><\/p>\t\t\t\t\t\t\t\t<\/div>\n\t\t\t\t<\/div>\n\t\t\t\t<\/div>\n\t\t\t\t\t<\/div>\n\t\t\t\t<\/div>\n\t\t\t\t<div class=\"elementor-element elementor-element-e9a5bfe elementor-widget-divider--view-line elementor-widget elementor-widget-divider\" data-id=\"e9a5bfe\" data-element_type=\"widget\" data-widget_type=\"divider.default\">\n\t\t\t\t<div class=\"elementor-widget-container\">\n\t\t\t\t\t\t\t<div class=\"elementor-divider\">\n\t\t\t<span class=\"elementor-divider-separator\">\n\t\t\t\t\t\t<\/span>\n\t\t<\/div>\n\t\t\t\t\t\t<\/div>\n\t\t\t\t<\/div>\n\t\t<div class=\"has_eae_slider elementor-element elementor-element-c85f213 e-flex e-con-boxed e-con e-child\" data-eae-slider=\"35722\" data-id=\"c85f213\" data-element_type=\"container\">\n\t\t\t\t\t<div class=\"e-con-inner\">\n\t\t<div class=\"has_eae_slider elementor-element elementor-element-1f97a37 e-con-full e-flex e-con e-child\" data-eae-slider=\"82623\" data-id=\"1f97a37\" data-element_type=\"container\">\n\t\t\t\t<div class=\"elementor-element elementor-element-f9e1b85 elementor-widget elementor-widget-image\" data-id=\"f9e1b85\" data-element_type=\"widget\" data-widget_type=\"image.default\">\n\t\t\t\t<div class=\"elementor-widget-container\">\n\t\t\t\t\t\t\t\t\t\t\t\t\t\t\t<img decoding=\"async\" width=\"800\" height=\"623\" data-src=\"https:\/\/intermetperu.com\/wp-content\/uploads\/2024\/02\/NP_PDAC.jpg\" class=\"attachment-large size-large wp-image-5094 lazyload\" alt=\"\" data-srcset=\"https:\/\/intermetperu.com\/wp-content\/uploads\/2024\/02\/NP_PDAC.jpg 980w, https:\/\/intermetperu.com\/wp-content\/uploads\/2024\/02\/NP_PDAC-300x234.jpg 300w, https:\/\/intermetperu.com\/wp-content\/uploads\/2024\/02\/NP_PDAC-768x598.jpg 768w, https:\/\/intermetperu.com\/wp-content\/uploads\/2024\/02\/NP_PDAC-15x12.jpg 15w\" data-sizes=\"(max-width: 800px) 100vw, 800px\" src=\"data:image\/svg+xml;base64,PHN2ZyB3aWR0aD0iMSIgaGVpZ2h0PSIxIiB4bWxucz0iaHR0cDovL3d3dy53My5vcmcvMjAwMC9zdmciPjwvc3ZnPg==\" style=\"--smush-placeholder-width: 800px; --smush-placeholder-aspect-ratio: 800\/623;\" \/>\t\t\t\t\t\t\t\t\t\t\t\t\t\t\t<\/div>\n\t\t\t\t<\/div>\n\t\t\t\t<\/div>\n\t\t<div class=\"has_eae_slider elementor-element elementor-element-0738c9c e-con-full e-flex e-con e-child\" data-eae-slider=\"52387\" data-id=\"0738c9c\" data-element_type=\"container\">\n\t\t\t\t<div class=\"elementor-element elementor-element-65639b3 elementor-widget elementor-widget-heading\" data-id=\"65639b3\" data-element_type=\"widget\" data-widget_type=\"heading.default\">\n\t\t\t\t<div class=\"elementor-widget-container\">\n\t\t\t\t\t<h2 class=\"elementor-heading-title elementor-size-default\"><a href=\"http:\/\/intermetperu.com\/wp-content\/uploads\/2024\/02\/peru-y-chile-deben-establecer-alianza-estrategica-2024.pdf\">En PDAC 2024 \u201cEL PER\u00da EST\u00c1 DE VUELTA\u201d<\/a><\/h2>\t\t\t\t<\/div>\n\t\t\t\t<\/div>\n\t\t\t\t<div class=\"elementor-element elementor-element-000f14c elementor-widget elementor-widget-text-editor\" data-id=\"000f14c\" data-element_type=\"widget\" data-widget_type=\"text-editor.default\">\n\t\t\t\t<div class=\"elementor-widget-container\">\n\t\t\t\t\t\t\t\t\t<p>El ministro de Energ\u00eda y Minas, Oscar Vera Gargurevich, liderar\u00e1 la delegaci\u00f3n peruana en la 45\u00aa Convenci\u00f3n de la Prospectors and Developers Association of Canada (PDAC), el evento minero m\u00e1s grande del mundo, del 3 al 6 de marzo en Toronto, Canad\u00e1. M\u00e1s de 330 representantes conformar\u00e1n esta delegaci\u00f3n, incluyendo altas autoridades como el ministro de Econom\u00eda y Finanzas, Alex Contreras, y el presidente del BCR, Dr. Julio Velarde. Organizado de manera p\u00fablica-privada, este evento promete ser un hito para la industria minera peruana, con innovadoras mesas de di\u00e1logo, presentaciones magistrales y la presencia de destacados l\u00edderes del sector. \u00a1El Per\u00fa est\u00e1 de vuelta y m\u00e1s fuerte que nunca en PDAC 2024!<\/p>\t\t\t\t\t\t\t\t<\/div>\n\t\t\t\t<\/div>\n\t\t\t\t<div class=\"elementor-element elementor-element-5b5f2c7 elementor-widget elementor-widget-text-editor\" data-id=\"5b5f2c7\" data-element_type=\"widget\" data-widget_type=\"text-editor.default\">\n\t\t\t\t<div class=\"elementor-widget-container\">\n\t\t\t\t\t\t\t\t\t<div id=\"malwarebytes-root\" style=\"position: fixed; inset: 0px 0px auto; z-index: 2147483647; width: 100%;\" tabindex=\"-1\">\u00a0<\/div><p>Link de referencia: <a href=\"https:\/\/minerandina.com\/es\/en-pdac-2024-el-peru-esta-de-vuelta\/\">https:\/\/minerandina.com\/es\/en-pdac-2024-el-peru-esta-de-vuelta\/<\/a><\/p>\t\t\t\t\t\t\t\t<\/div>\n\t\t\t\t<\/div>\n\t\t\t\t<\/div>\n\t\t\t\t\t<\/div>\n\t\t\t\t<\/div>\n\t\t\t\t<div class=\"elementor-element elementor-element-35d6f08 elementor-widget-divider--view-line elementor-widget elementor-widget-divider\" data-id=\"35d6f08\" data-element_type=\"widget\" data-widget_type=\"divider.default\">\n\t\t\t\t<div class=\"elementor-widget-container\">\n\t\t\t\t\t\t\t<div class=\"elementor-divider\">\n\t\t\t<span class=\"elementor-divider-separator\">\n\t\t\t\t\t\t<\/span>\n\t\t<\/div>\n\t\t\t\t\t\t<\/div>\n\t\t\t\t<\/div>\n\t\t<div class=\"has_eae_slider elementor-element elementor-element-6b5c9bf e-flex e-con-boxed e-con e-child\" data-eae-slider=\"20838\" data-id=\"6b5c9bf\" data-element_type=\"container\">\n\t\t\t\t\t<div class=\"e-con-inner\">\n\t\t<div class=\"has_eae_slider elementor-element elementor-element-1eeaa16 e-con-full e-flex e-con e-child\" data-eae-slider=\"90202\" data-id=\"1eeaa16\" data-element_type=\"container\">\n\t\t\t\t<div class=\"elementor-element elementor-element-808437e elementor-widget elementor-widget-image\" data-id=\"808437e\" data-element_type=\"widget\" data-widget_type=\"image.default\">\n\t\t\t\t<div class=\"elementor-widget-container\">\n\t\t\t\t\t\t\t\t\t\t\t\t\t\t\t<img decoding=\"async\" width=\"800\" height=\"533\" data-src=\"https:\/\/intermetperu.com\/wp-content\/uploads\/2024\/02\/NP_congresos-1024x682.jpg\" class=\"attachment-large size-large wp-image-5090 lazyload\" alt=\"\" data-srcset=\"https:\/\/intermetperu.com\/wp-content\/uploads\/2024\/02\/NP_congresos-1024x682.jpg 1024w, https:\/\/intermetperu.com\/wp-content\/uploads\/2024\/02\/NP_congresos-300x200.jpg 300w, https:\/\/intermetperu.com\/wp-content\/uploads\/2024\/02\/NP_congresos-768x512.jpg 768w, https:\/\/intermetperu.com\/wp-content\/uploads\/2024\/02\/NP_congresos-18x12.jpg 18w, https:\/\/intermetperu.com\/wp-content\/uploads\/2024\/02\/NP_congresos.jpg 1280w\" data-sizes=\"(max-width: 800px) 100vw, 800px\" src=\"data:image\/svg+xml;base64,PHN2ZyB3aWR0aD0iMSIgaGVpZ2h0PSIxIiB4bWxucz0iaHR0cDovL3d3dy53My5vcmcvMjAwMC9zdmciPjwvc3ZnPg==\" style=\"--smush-placeholder-width: 800px; --smush-placeholder-aspect-ratio: 800\/533;\" \/>\t\t\t\t\t\t\t\t\t\t\t\t\t\t\t<\/div>\n\t\t\t\t<\/div>\n\t\t\t\t<\/div>\n\t\t<div class=\"has_eae_slider elementor-element elementor-element-48ec07a e-con-full e-flex e-con e-child\" data-eae-slider=\"49651\" data-id=\"48ec07a\" data-element_type=\"container\">\n\t\t\t\t<div class=\"elementor-element elementor-element-9d4cb60 elementor-widget elementor-widget-heading\" data-id=\"9d4cb60\" data-element_type=\"widget\" data-widget_type=\"heading.default\">\n\t\t\t\t<div class=\"elementor-widget-container\">\n\t\t\t\t\t<h2 class=\"elementor-heading-title elementor-size-default\"><a href=\"http:\/\/intermetperu.com\/wp-content\/uploads\/2024\/02\/peru-y-chile-deben-establecer-alianza-estrategica-2024.pdf\">InterMet Anuncia Cinco Congresos Internacionales de Vanguardia para 2024<\/a><\/h2>\t\t\t\t<\/div>\n\t\t\t\t<\/div>\n\t\t\t\t<div class=\"elementor-element elementor-element-3508a7c elementor-widget elementor-widget-text-editor\" data-id=\"3508a7c\" data-element_type=\"widget\" data-widget_type=\"text-editor.default\">\n\t\t\t\t<div class=\"elementor-widget-container\">\n\t\t\t\t\t\t\t\t\t<p>InterMet, l\u00edder en consultor\u00eda minera, revel\u00f3 durante PERUMIN 36 Convenci\u00f3n Minera su plan de realizar cinco congresos internacionales en 2024. Destacan eventos como Hidrometalurgia 2024 y Conminuci\u00f3n 2024, prometiendo innovaci\u00f3n y conocimientos de vanguardia para profesionales del sector. \u00a1InterMet sigue marcando el rumbo en la industria minera!<\/p>\t\t\t\t\t\t\t\t<\/div>\n\t\t\t\t<\/div>\n\t\t\t\t<div class=\"elementor-element elementor-element-657c099 elementor-widget elementor-widget-text-editor\" data-id=\"657c099\" data-element_type=\"widget\" data-widget_type=\"text-editor.default\">\n\t\t\t\t<div class=\"elementor-widget-container\">\n\t\t\t\t\t\t\t\t\t<div id=\"malwarebytes-root\" style=\"position: fixed; inset: 0px 0px auto; z-index: 2147483647; width: 100%;\" tabindex=\"-1\">\u00a0<\/div><p>Link de referencia: <a href=\"https:\/\/elgasnoticias.com\/intermet-anuncio-la-realizacion-de-cinco-congresos-internacionales-en-2024\/\">https:\/\/elgasnoticias.com\/intermet-anuncio-la-realizacion-de-cinco-congresos-internacionales-en-2024\/<\/a><\/p>\t\t\t\t\t\t\t\t<\/div>\n\t\t\t\t<\/div>\n\t\t\t\t<\/div>\n\t\t\t\t\t<\/div>\n\t\t\t\t<\/div>\n\t\t\t\t<div class=\"elementor-element elementor-element-c5d5fad elementor-widget-divider--view-line elementor-widget elementor-widget-divider\" data-id=\"c5d5fad\" data-element_type=\"widget\" data-widget_type=\"divider.default\">\n\t\t\t\t<div class=\"elementor-widget-container\">\n\t\t\t\t\t\t\t<div class=\"elementor-divider\">\n\t\t\t<span class=\"elementor-divider-separator\">\n\t\t\t\t\t\t<\/span>\n\t\t<\/div>\n\t\t\t\t\t\t<\/div>\n\t\t\t\t<\/div>\n\t\t<div class=\"has_eae_slider elementor-element elementor-element-e1c38b1 e-flex e-con-boxed e-con e-child\" data-eae-slider=\"93931\" data-id=\"e1c38b1\" data-element_type=\"container\">\n\t\t\t\t\t<div class=\"e-con-inner\">\n\t\t<div class=\"has_eae_slider elementor-element elementor-element-38797ce e-con-full e-flex e-con e-child\" data-eae-slider=\"68153\" data-id=\"38797ce\" data-element_type=\"container\">\n\t\t\t\t<div class=\"elementor-element elementor-element-2ff7f7e elementor-widget elementor-widget-image\" data-id=\"2ff7f7e\" data-element_type=\"widget\" data-widget_type=\"image.default\">\n\t\t\t\t<div class=\"elementor-widget-container\">\n\t\t\t\t\t\t\t\t\t\t\t\t\t\t\t<img decoding=\"async\" width=\"775\" height=\"354\" data-src=\"https:\/\/intermetperu.com\/wp-content\/uploads\/2024\/02\/peruychile2024.png\" class=\"attachment-large size-large wp-image-5022 lazyload\" alt=\"\" data-srcset=\"https:\/\/intermetperu.com\/wp-content\/uploads\/2024\/02\/peruychile2024.png 775w, https:\/\/intermetperu.com\/wp-content\/uploads\/2024\/02\/peruychile2024-300x137.png 300w, https:\/\/intermetperu.com\/wp-content\/uploads\/2024\/02\/peruychile2024-768x351.png 768w, https:\/\/intermetperu.com\/wp-content\/uploads\/2024\/02\/peruychile2024-18x8.png 18w\" data-sizes=\"(max-width: 775px) 100vw, 775px\" src=\"data:image\/svg+xml;base64,PHN2ZyB3aWR0aD0iMSIgaGVpZ2h0PSIxIiB4bWxucz0iaHR0cDovL3d3dy53My5vcmcvMjAwMC9zdmciPjwvc3ZnPg==\" style=\"--smush-placeholder-width: 775px; --smush-placeholder-aspect-ratio: 775\/354;\" \/>\t\t\t\t\t\t\t\t\t\t\t\t\t\t\t<\/div>\n\t\t\t\t<\/div>\n\t\t\t\t<\/div>\n\t\t<div class=\"has_eae_slider elementor-element elementor-element-55878a8 e-con-full e-flex e-con e-child\" data-eae-slider=\"13145\" data-id=\"55878a8\" data-element_type=\"container\">\n\t\t\t\t<div class=\"elementor-element elementor-element-098ec6e elementor-widget elementor-widget-heading\" data-id=\"098ec6e\" data-element_type=\"widget\" data-widget_type=\"heading.default\">\n\t\t\t\t<div class=\"elementor-widget-container\">\n\t\t\t\t\t<h2 class=\"elementor-heading-title elementor-size-default\"><a href=\"http:\/\/intermetperu.com\/wp-content\/uploads\/2024\/02\/peru-y-chile-deben-establecer-alianza-estrategica-2024.pdf\">Per\u00fa y Chile deben establecer alianza estrat\u00e9gica para aprovechar el precio de los minerales este 2024<\/a><\/h2>\t\t\t\t<\/div>\n\t\t\t\t<\/div>\n\t\t\t\t<div class=\"elementor-element elementor-element-d7d02f1 elementor-widget elementor-widget-text-editor\" data-id=\"d7d02f1\" data-element_type=\"widget\" data-widget_type=\"text-editor.default\">\n\t\t\t\t<div class=\"elementor-widget-container\">\n\t\t\t\t\t\t\t\t\t<p>Expertos pronostican un 2024 de bonanza para el cobre. Sin embargo, Per\u00fa y Chile, los mayores productores mundiales, enfrentan desaf\u00edos para sacar ventaja de este boom.\u00a0Seg\u00fan Manuel Viera, CEO de Metaproject, ambos pa\u00edses deben formar una alianza estrat\u00e9gica ante las grandes potencias por el codiciado \u00abmineral rojo\u00bb. Chile lidia con m\u00e1s impuestos, una nueva Constituci\u00f3n y una ca\u00edda en su producci\u00f3n. Per\u00fa sufre por el avance del Congo y trabas burocr\u00e1ticas a nuevos proyectos.<\/p>\t\t\t\t\t\t\t\t<\/div>\n\t\t\t\t<\/div>\n\t\t\t\t<\/div>\n\t\t\t\t\t<\/div>\n\t\t\t\t<\/div>\n\t\t\t\t<div class=\"elementor-element elementor-element-6dd72d9 elementor-widget-divider--view-line elementor-widget elementor-widget-divider\" data-id=\"6dd72d9\" data-element_type=\"widget\" data-widget_type=\"divider.default\">\n\t\t\t\t<div class=\"elementor-widget-container\">\n\t\t\t\t\t\t\t<div class=\"elementor-divider\">\n\t\t\t<span class=\"elementor-divider-separator\">\n\t\t\t\t\t\t<\/span>\n\t\t<\/div>\n\t\t\t\t\t\t<\/div>\n\t\t\t\t<\/div>\n\t\t<div class=\"has_eae_slider elementor-element elementor-element-4c86cf2 e-flex e-con-boxed e-con e-child\" data-eae-slider=\"62817\" data-id=\"4c86cf2\" data-element_type=\"container\">\n\t\t\t\t\t<div class=\"e-con-inner\">\n\t\t<div class=\"has_eae_slider elementor-element elementor-element-f8447c3 e-con-full e-flex e-con e-child\" data-eae-slider=\"35831\" data-id=\"f8447c3\" data-element_type=\"container\">\n\t\t\t\t<div class=\"elementor-element elementor-element-a85e1e2 elementor-widget elementor-widget-image\" data-id=\"a85e1e2\" data-element_type=\"widget\" data-widget_type=\"image.default\">\n\t\t\t\t<div class=\"elementor-widget-container\">\n\t\t\t\t\t\t\t\t\t\t\t\t\t\t\t<img decoding=\"async\" width=\"385\" height=\"173\" data-src=\"https:\/\/intermetperu.com\/wp-content\/uploads\/2024\/02\/Captura-de-pantalla-2023-12-15-121821.png\" class=\"attachment-large size-large wp-image-5023 lazyload\" alt=\"\" data-srcset=\"https:\/\/intermetperu.com\/wp-content\/uploads\/2024\/02\/Captura-de-pantalla-2023-12-15-121821.png 385w, https:\/\/intermetperu.com\/wp-content\/uploads\/2024\/02\/Captura-de-pantalla-2023-12-15-121821-300x135.png 300w, https:\/\/intermetperu.com\/wp-content\/uploads\/2024\/02\/Captura-de-pantalla-2023-12-15-121821-18x8.png 18w\" data-sizes=\"(max-width: 385px) 100vw, 385px\" src=\"data:image\/svg+xml;base64,PHN2ZyB3aWR0aD0iMSIgaGVpZ2h0PSIxIiB4bWxucz0iaHR0cDovL3d3dy53My5vcmcvMjAwMC9zdmciPjwvc3ZnPg==\" style=\"--smush-placeholder-width: 385px; --smush-placeholder-aspect-ratio: 385\/173;\" \/>\t\t\t\t\t\t\t\t\t\t\t\t\t\t\t<\/div>\n\t\t\t\t<\/div>\n\t\t\t\t<\/div>\n\t\t<div class=\"has_eae_slider elementor-element elementor-element-9b2a3f9 e-con-full e-flex e-con e-child\" data-eae-slider=\"6358\" data-id=\"9b2a3f9\" data-element_type=\"container\">\n\t\t\t\t<div class=\"elementor-element elementor-element-637dc0a elementor-widget elementor-widget-heading\" data-id=\"637dc0a\" data-element_type=\"widget\" data-widget_type=\"heading.default\">\n\t\t\t\t<div class=\"elementor-widget-container\">\n\t\t\t\t\t<h2 class=\"elementor-heading-title elementor-size-default\"><a href=\"http:\/\/intermetperu.com\/wp-content\/uploads\/2024\/02\/evento-principal-mineria-cobre-nuevo-logotipo-2024.pdf\">EXPOCOBRE: El Evento Principal de la Miner\u00eda del Cobre realizado en Per\u00fa, presenta nuevo logotipo<\/a><\/h2>\t\t\t\t<\/div>\n\t\t\t\t<\/div>\n\t\t\t\t<div class=\"elementor-element elementor-element-4b48b76 elementor-widget elementor-widget-text-editor\" data-id=\"4b48b76\" data-element_type=\"widget\" data-widget_type=\"text-editor.default\">\n\t\t\t\t<div class=\"elementor-widget-container\">\n\t\t\t\t\t\t\t\t\t<p>Lleg\u00f3 el nuevo logo de EXPOCOBRE 2024, moderno y audaz, reflejando la evoluci\u00f3n de la mayor conferencia minera del cobre en el mundo.\u00a0Este innovador dise\u00f1o, con fuertes tonos anaranjados que evocan el metal, representa el compromiso de llevar este evento a otro nivel: m\u00e1s internacional, m\u00e1s inclusivo, m\u00e1s inspirador. Simboliza nuestra visi\u00f3n de crear la vitrina por excelencia de la industria cupr\u00edfera global. Con este moderno logo que evoca dinamismo y fortaleza, EXPOCOBRE invita a los actores del cobre en el mundo a ser parte de este esfuerzo colectivo por llevar a la miner\u00eda del cobre a su siguiente nivel.<\/p>\t\t\t\t\t\t\t\t<\/div>\n\t\t\t\t<\/div>\n\t\t\t\t<\/div>\n\t\t\t\t\t<\/div>\n\t\t\t\t<\/div>\n\t\t\t\t<div class=\"elementor-element elementor-element-be294c7 elementor-widget-divider--view-line elementor-widget elementor-widget-divider\" data-id=\"be294c7\" data-element_type=\"widget\" data-widget_type=\"divider.default\">\n\t\t\t\t<div class=\"elementor-widget-container\">\n\t\t\t\t\t\t\t<div class=\"elementor-divider\">\n\t\t\t<span class=\"elementor-divider-separator\">\n\t\t\t\t\t\t<\/span>\n\t\t<\/div>\n\t\t\t\t\t\t<\/div>\n\t\t\t\t<\/div>\n\t\t<div class=\"has_eae_slider elementor-element elementor-element-950f470 e-flex e-con-boxed e-con e-child\" data-eae-slider=\"47921\" data-id=\"950f470\" data-element_type=\"container\">\n\t\t\t\t\t<div class=\"e-con-inner\">\n\t\t<div class=\"has_eae_slider elementor-element elementor-element-900fbd3 e-con-full e-flex e-con e-child\" data-eae-slider=\"2180\" data-id=\"900fbd3\" data-element_type=\"container\">\n\t\t\t\t<div class=\"elementor-element elementor-element-a3db7e5 elementor-widget elementor-widget-image\" data-id=\"a3db7e5\" data-element_type=\"widget\" data-widget_type=\"image.default\">\n\t\t\t\t<div class=\"elementor-widget-container\">\n\t\t\t\t\t\t\t\t\t\t\t\t\t\t\t<img decoding=\"async\" width=\"300\" height=\"203\" data-src=\"https:\/\/intermetperu.com\/wp-content\/uploads\/2024\/02\/NP1-1-300x203-1.jpg\" class=\"attachment-large size-large wp-image-5024 lazyload\" alt=\"\" data-srcset=\"https:\/\/intermetperu.com\/wp-content\/uploads\/2024\/02\/NP1-1-300x203-1.jpg 300w, https:\/\/intermetperu.com\/wp-content\/uploads\/2024\/02\/NP1-1-300x203-1-18x12.jpg 18w\" data-sizes=\"(max-width: 300px) 100vw, 300px\" src=\"data:image\/svg+xml;base64,PHN2ZyB3aWR0aD0iMSIgaGVpZ2h0PSIxIiB4bWxucz0iaHR0cDovL3d3dy53My5vcmcvMjAwMC9zdmciPjwvc3ZnPg==\" style=\"--smush-placeholder-width: 300px; --smush-placeholder-aspect-ratio: 300\/203;\" \/>\t\t\t\t\t\t\t\t\t\t\t\t\t\t\t<\/div>\n\t\t\t\t<\/div>\n\t\t\t\t<\/div>\n\t\t<div class=\"has_eae_slider elementor-element elementor-element-b42d372 e-con-full e-flex e-con e-child\" data-eae-slider=\"26845\" data-id=\"b42d372\" data-element_type=\"container\">\n\t\t\t\t<div class=\"elementor-element elementor-element-1bb04b3 elementor-widget elementor-widget-heading\" data-id=\"1bb04b3\" data-element_type=\"widget\" data-widget_type=\"heading.default\">\n\t\t\t\t<div class=\"elementor-widget-container\">\n\t\t\t\t\t<h2 class=\"elementor-heading-title elementor-size-default\"><a href=\"http:\/\/intermetperu.com\/wp-content\/uploads\/2024\/02\/pdf-Las-Bambas-Antapaccay-y-Hudbay-discutiran-los-retos-y-desafios-tecnologicos-del-cobre.pdf\">Las Bambas, Antapaccay y Hudbay discutir\u00e1n los retos y desaf\u00edos tecnol\u00f3gicos del cobre<\/a><\/h2>\t\t\t\t<\/div>\n\t\t\t\t<\/div>\n\t\t\t\t<div class=\"elementor-element elementor-element-a1b9521 elementor-widget elementor-widget-text-editor\" data-id=\"a1b9521\" data-element_type=\"widget\" data-widget_type=\"text-editor.default\">\n\t\t\t\t<div class=\"elementor-widget-container\">\n\t\t\t\t\t\t\t\t\t<p>La descarbonizaci\u00f3n, el mayor riesgo geopol\u00edtico, la postergaci\u00f3n de proyectos de capital, la innovaci\u00f3n tecnol\u00f3gica, as\u00ed como los pocos descubrimientos y la baja inversi\u00f3n han dejado una falta de activos de cobre de alta ley con una vida \u00fatil significativa. Estas inquietudes y otras ser\u00e1n abordadas en la conferencia magistral \u00abRetos y desaf\u00edos tecnol\u00f3gicos en miner\u00eda del cobre\u00bb, que se llevar\u00e1 a cabo en el marco de la I Conferencia Mundial de Cobre +Expo \u2013 EXPOCOBRE 2023, organizado por InterMet, que se desarrollar\u00e1 del 29 de mayo al 1 de junio, en el Centro de Exposiciones del Jockey Club del Per\u00fa.<\/p>\t\t\t\t\t\t\t\t<\/div>\n\t\t\t\t<\/div>\n\t\t\t\t<\/div>\n\t\t\t\t\t<\/div>\n\t\t\t\t<\/div>\n\t\t\t\t<div class=\"elementor-element elementor-element-1cf9732 elementor-widget-divider--view-line elementor-widget elementor-widget-divider\" data-id=\"1cf9732\" data-element_type=\"widget\" data-widget_type=\"divider.default\">\n\t\t\t\t<div class=\"elementor-widget-container\">\n\t\t\t\t\t\t\t<div class=\"elementor-divider\">\n\t\t\t<span class=\"elementor-divider-separator\">\n\t\t\t\t\t\t<\/span>\n\t\t<\/div>\n\t\t\t\t\t\t<\/div>\n\t\t\t\t<\/div>\n\t\t<div class=\"has_eae_slider elementor-element elementor-element-3f2d86c e-flex e-con-boxed e-con e-child\" data-eae-slider=\"65467\" data-id=\"3f2d86c\" data-element_type=\"container\">\n\t\t\t\t\t<div class=\"e-con-inner\">\n\t\t<div class=\"has_eae_slider elementor-element elementor-element-6e20db5 e-con-full e-flex e-con e-child\" data-eae-slider=\"32698\" data-id=\"6e20db5\" data-element_type=\"container\">\n\t\t\t\t<div class=\"elementor-element elementor-element-fe88d3f elementor-widget elementor-widget-image\" data-id=\"fe88d3f\" data-element_type=\"widget\" data-widget_type=\"image.default\">\n\t\t\t\t<div class=\"elementor-widget-container\">\n\t\t\t\t\t\t\t\t\t\t\t\t\t\t\t<img decoding=\"async\" width=\"300\" height=\"224\" data-src=\"https:\/\/intermetperu.com\/wp-content\/uploads\/2024\/02\/Edgardo-Orderique-300x224-1.jpg\" class=\"attachment-large size-large wp-image-5025 lazyload\" alt=\"\" data-srcset=\"https:\/\/intermetperu.com\/wp-content\/uploads\/2024\/02\/Edgardo-Orderique-300x224-1.jpg 300w, https:\/\/intermetperu.com\/wp-content\/uploads\/2024\/02\/Edgardo-Orderique-300x224-1-16x12.jpg 16w\" data-sizes=\"(max-width: 300px) 100vw, 300px\" src=\"data:image\/svg+xml;base64,PHN2ZyB3aWR0aD0iMSIgaGVpZ2h0PSIxIiB4bWxucz0iaHR0cDovL3d3dy53My5vcmcvMjAwMC9zdmciPjwvc3ZnPg==\" style=\"--smush-placeholder-width: 300px; --smush-placeholder-aspect-ratio: 300\/224;\" \/>\t\t\t\t\t\t\t\t\t\t\t\t\t\t\t<\/div>\n\t\t\t\t<\/div>\n\t\t\t\t<\/div>\n\t\t<div class=\"has_eae_slider elementor-element elementor-element-73195cb e-con-full e-flex e-con e-child\" data-eae-slider=\"10512\" data-id=\"73195cb\" data-element_type=\"container\">\n\t\t\t\t<div class=\"elementor-element elementor-element-70fda91 elementor-widget elementor-widget-heading\" data-id=\"70fda91\" data-element_type=\"widget\" data-widget_type=\"heading.default\">\n\t\t\t\t<div class=\"elementor-widget-container\">\n\t\t\t\t\t<h2 class=\"elementor-heading-title elementor-size-default\"><a href=\"http:\/\/intermetperu.com\/wp-content\/uploads\/2024\/02\/PDF-Minera-Las-Bambas-espera-convertirse-en-una-mina-completamente-digital-a-2030.pdf\">Minera Las Bambas espera convertirse en una mina completamente digital a 2030<\/a><\/h2>\t\t\t\t<\/div>\n\t\t\t\t<\/div>\n\t\t\t\t<div class=\"elementor-element elementor-element-dee511b elementor-widget elementor-widget-text-editor\" data-id=\"dee511b\" data-element_type=\"widget\" data-widget_type=\"text-editor.default\">\n\t\t\t\t<div class=\"elementor-widget-container\">\n\t\t\t\t\t\t\t\t\t<p>Edgardo Orderique, gerente general de la compa\u00f1\u00eda minera, enfatiz\u00f3 asimismo el compromiso con la reducci\u00f3n de emisiones y la transformaci\u00f3n digital durante Expocobre 2023.\u00a0<br \/><br \/>Durante su participaci\u00f3n en EXPOCOBRE 2023, Edgardo Orderique, gerente general de Minera Las Bambas, Orderique anunci\u00f3 que la compa\u00f1\u00eda minera espera convertirse en una mina inteligente al 100% para 2030. \u00abActualmente nos encontramos en un 40% aproximado\u00bb, afirm\u00f3.<\/p>\t\t\t\t\t\t\t\t<\/div>\n\t\t\t\t<\/div>\n\t\t\t\t<\/div>\n\t\t\t\t\t<\/div>\n\t\t\t\t<\/div>\n\t\t\t\t<div class=\"elementor-element elementor-element-a1e071b elementor-widget-divider--view-line elementor-widget elementor-widget-divider\" data-id=\"a1e071b\" data-element_type=\"widget\" data-widget_type=\"divider.default\">\n\t\t\t\t<div class=\"elementor-widget-container\">\n\t\t\t\t\t\t\t<div class=\"elementor-divider\">\n\t\t\t<span class=\"elementor-divider-separator\">\n\t\t\t\t\t\t<\/span>\n\t\t<\/div>\n\t\t\t\t\t\t<\/div>\n\t\t\t\t<\/div>\n\t\t<div class=\"has_eae_slider elementor-element elementor-element-9a45394 e-flex e-con-boxed e-con e-child\" data-eae-slider=\"45284\" data-id=\"9a45394\" data-element_type=\"container\">\n\t\t\t\t\t<div class=\"e-con-inner\">\n\t\t<div class=\"has_eae_slider elementor-element elementor-element-9554282 e-con-full e-flex e-con e-child\" data-eae-slider=\"17651\" data-id=\"9554282\" data-element_type=\"container\">\n\t\t\t\t<div class=\"elementor-element elementor-element-998939e elementor-widget elementor-widget-image\" data-id=\"998939e\" data-element_type=\"widget\" data-widget_type=\"image.default\">\n\t\t\t\t<div class=\"elementor-widget-container\">\n\t\t\t\t\t\t\t\t\t\t\t\t\t\t\t<img decoding=\"async\" width=\"567\" height=\"425\" data-src=\"https:\/\/intermetperu.com\/wp-content\/uploads\/2024\/02\/NP2_MUESTREO.png\" class=\"attachment-large size-large wp-image-5080 lazyload\" alt=\"\" data-srcset=\"https:\/\/intermetperu.com\/wp-content\/uploads\/2024\/02\/NP2_MUESTREO.png 567w, https:\/\/intermetperu.com\/wp-content\/uploads\/2024\/02\/NP2_MUESTREO-300x225.png 300w, https:\/\/intermetperu.com\/wp-content\/uploads\/2024\/02\/NP2_MUESTREO-16x12.png 16w\" data-sizes=\"(max-width: 567px) 100vw, 567px\" src=\"data:image\/svg+xml;base64,PHN2ZyB3aWR0aD0iMSIgaGVpZ2h0PSIxIiB4bWxucz0iaHR0cDovL3d3dy53My5vcmcvMjAwMC9zdmciPjwvc3ZnPg==\" style=\"--smush-placeholder-width: 567px; --smush-placeholder-aspect-ratio: 567\/425;\" \/>\t\t\t\t\t\t\t\t\t\t\t\t\t\t\t<\/div>\n\t\t\t\t<\/div>\n\t\t\t\t<\/div>\n\t\t<div class=\"has_eae_slider elementor-element elementor-element-b720b38 e-con-full e-flex e-con e-child\" data-eae-slider=\"73414\" data-id=\"b720b38\" data-element_type=\"container\">\n\t\t\t\t<div class=\"elementor-element elementor-element-652441b elementor-widget elementor-widget-heading\" data-id=\"652441b\" data-element_type=\"widget\" data-widget_type=\"heading.default\">\n\t\t\t\t<div class=\"elementor-widget-container\">\n\t\t\t\t\t<h2 class=\"elementor-heading-title elementor-size-default\"><a href=\"http:\/\/intermetperu.com\/wp-content\/uploads\/2024\/02\/NP_Muestreo.pdf\">Congreso de Muestreo y Reconciliaci\u00f3n 2023: Explorando Nuevas Fronteras en Miner\u00eda<\/a><\/h2>\t\t\t\t<\/div>\n\t\t\t\t<\/div>\n\t\t\t\t<div class=\"elementor-element elementor-element-315f82e elementor-widget elementor-widget-text-editor\" data-id=\"315f82e\" data-element_type=\"widget\" data-widget_type=\"text-editor.default\">\n\t\t\t\t<div class=\"elementor-widget-container\">\n\t\t\t\t\t\t\t\t\t<p>El Congreso de Muestreo y Reconciliaci\u00f3n 2023 convoca a profesionales nacionales y extranjeros del sector minero los d\u00edas 2 y 3 de noviembre en Miraflores. Bajo la presidencia del Dr. Francis Pitard, el evento, organizado por International Metallurgical Consultants (InterMet), aborda los desaf\u00edos y mejores pr\u00e1cticas en muestreo. Con conferencias magistrales y paneles de discusi\u00f3n, ofrece una plataforma de networking esencial para quienes lideran la innovaci\u00f3n en la miner\u00eda a nivel nacional e internacional. \u00a1\u00danete a la conversaci\u00f3n sobre el futuro de la miner\u00eda!<\/p>\t\t\t\t\t\t\t\t<\/div>\n\t\t\t\t<\/div>\n\t\t\t\t<div class=\"elementor-element elementor-element-8a96d3b elementor-widget elementor-widget-text-editor\" data-id=\"8a96d3b\" data-element_type=\"widget\" data-widget_type=\"text-editor.default\">\n\t\t\t\t<div class=\"elementor-widget-container\">\n\t\t\t\t\t\t\t\t\t<div id=\"malwarebytes-root\" style=\"position: fixed; inset: 0px 0px auto; z-index: 2147483647; width: 100%;\" tabindex=\"-1\">\u00a0<\/div><p>Link de referencia: <a href=\"https:\/\/sectorminero.com.pe\/congreso-de-muestreo-y-reconciliacion-2023presentara-conferencias-magistrales-y-mas-de-unaveintena-de-charlas-tecnicas\/?no_cache=1698802511\">https:\/\/sectorminero.com.pe\/congreso-de-muestreo-y-reconciliacion-2023presentara-conferencias-magistrales-y-mas-de-unaveintena-de-charlas-tecnicas\/?no_cache=1698802511<\/a><\/p>\t\t\t\t\t\t\t\t<\/div>\n\t\t\t\t<\/div>\n\t\t\t\t<\/div>\n\t\t\t\t\t<\/div>\n\t\t\t\t<\/div>\n\t\t\t\t<div class=\"elementor-element elementor-element-72c8b35 elementor-widget-divider--view-line elementor-widget elementor-widget-divider\" data-id=\"72c8b35\" data-element_type=\"widget\" data-widget_type=\"divider.default\">\n\t\t\t\t<div class=\"elementor-widget-container\">\n\t\t\t\t\t\t\t<div class=\"elementor-divider\">\n\t\t\t<span class=\"elementor-divider-separator\">\n\t\t\t\t\t\t<\/span>\n\t\t<\/div>\n\t\t\t\t\t\t<\/div>\n\t\t\t\t<\/div>\n\t\t<div class=\"has_eae_slider elementor-element elementor-element-4ba7613 e-flex e-con-boxed e-con e-child\" data-eae-slider=\"51581\" data-id=\"4ba7613\" data-element_type=\"container\">\n\t\t\t\t\t<div class=\"e-con-inner\">\n\t\t<div class=\"has_eae_slider elementor-element elementor-element-3fd9d4b e-con-full e-flex e-con e-child\" data-eae-slider=\"24470\" data-id=\"3fd9d4b\" data-element_type=\"container\">\n\t\t\t\t<div class=\"elementor-element elementor-element-c8e8e77 elementor-widget elementor-widget-image\" data-id=\"c8e8e77\" data-element_type=\"widget\" data-widget_type=\"image.default\">\n\t\t\t\t<div class=\"elementor-widget-container\">\n\t\t\t\t\t\t\t\t\t\t\t\t\t\t\t<img decoding=\"async\" width=\"800\" height=\"600\" data-src=\"https:\/\/intermetperu.com\/wp-content\/uploads\/2024\/02\/NP1_FLOTACION2023-1024x768.jpeg\" class=\"attachment-large size-large wp-image-5071 lazyload\" alt=\"\" data-srcset=\"https:\/\/intermetperu.com\/wp-content\/uploads\/2024\/02\/NP1_FLOTACION2023-1024x768.jpeg 1024w, https:\/\/intermetperu.com\/wp-content\/uploads\/2024\/02\/NP1_FLOTACION2023-300x225.jpeg 300w, https:\/\/intermetperu.com\/wp-content\/uploads\/2024\/02\/NP1_FLOTACION2023-768x576.jpeg 768w, https:\/\/intermetperu.com\/wp-content\/uploads\/2024\/02\/NP1_FLOTACION2023-1536x1152.jpeg 1536w, https:\/\/intermetperu.com\/wp-content\/uploads\/2024\/02\/NP1_FLOTACION2023-16x12.jpeg 16w, https:\/\/intermetperu.com\/wp-content\/uploads\/2024\/02\/NP1_FLOTACION2023.jpeg 2048w\" data-sizes=\"(max-width: 800px) 100vw, 800px\" src=\"data:image\/svg+xml;base64,PHN2ZyB3aWR0aD0iMSIgaGVpZ2h0PSIxIiB4bWxucz0iaHR0cDovL3d3dy53My5vcmcvMjAwMC9zdmciPjwvc3ZnPg==\" style=\"--smush-placeholder-width: 800px; --smush-placeholder-aspect-ratio: 800\/600;\" \/>\t\t\t\t\t\t\t\t\t\t\t\t\t\t\t<\/div>\n\t\t\t\t<\/div>\n\t\t\t\t<\/div>\n\t\t<div class=\"has_eae_slider elementor-element elementor-element-2bd87fb e-con-full e-flex e-con e-child\" data-eae-slider=\"84213\" data-id=\"2bd87fb\" data-element_type=\"container\">\n\t\t\t\t<div class=\"elementor-element elementor-element-73b5ed2 elementor-widget elementor-widget-heading\" data-id=\"73b5ed2\" data-element_type=\"widget\" data-widget_type=\"heading.default\">\n\t\t\t\t<div class=\"elementor-widget-container\">\n\t\t\t\t\t<h2 class=\"elementor-heading-title elementor-size-default\"><a href=\"http:\/\/intermetperu.com\/wp-content\/uploads\/2024\/02\/NP-Especialistas-nacionales-y-extranjeros-se-reuniran-en-prestigioso-congreso-de-Flotacion-de-Minerales-rev1.pdf\">Flotaci\u00f3n 2023: El Epicentro Mundial de la Innovaci\u00f3n en Minerales<\/a><\/h2>\t\t\t\t<\/div>\n\t\t\t\t<\/div>\n\t\t\t\t<div class=\"elementor-element elementor-element-5b14dc0 elementor-widget elementor-widget-text-editor\" data-id=\"5b14dc0\" data-element_type=\"widget\" data-widget_type=\"text-editor.default\">\n\t\t\t\t<div class=\"elementor-widget-container\">\n\t\t\t\t\t\t\t\t\t<p>Flotaci\u00f3n 2023, el V Congreso Internacional de Flotaci\u00f3n de Minerales, reunir\u00e1 a destacados expertos nacionales e internacionales del 6 al 8 de septiembre en Miraflores. Organizado bajo la presidencia del ingeniero Alfonso M\u00fa\u00f1oz, este evento ofrecer\u00e1 tres d\u00edas de discusiones, charlas magistrales y presentaciones t\u00e9cnicas sobre los \u00faltimos avances en flotaci\u00f3n de minerales. No te pierdas la oportunidad de ser parte de la innovaci\u00f3n en la industria minera.<\/p>\t\t\t\t\t\t\t\t<\/div>\n\t\t\t\t<\/div>\n\t\t\t\t<\/div>\n\t\t\t\t\t<\/div>\n\t\t\t\t<\/div>\n\t\t\t\t\t<\/div>\n\t\t\t\t<\/div>\n\t\t\t\t<\/div>","protected":false},"excerpt":{"rendered":"<p>Prensa Inicio \u00a0 \/ \u00a0 Notas de prensa MANTENGASE AL D\u00cdA CON LAS NOTICIAS Y ACTUALIZACIONES DE LA MINER\u00cdA Ministro Vera: Per\u00fa ir\u00e1 al PDAC 2024 a demostrar que somos un pa\u00eds muy elegible El titular de Energ\u00eda y Minas se\u00f1al\u00f3 que adem\u00e1s de la cartera de 73 proyectos, informar\u00e1n a los inversionistas los avances [&hellip;]<\/p>","protected":false},"author":1,"featured_media":0,"parent":0,"menu_order":0,"comment_status":"closed","ping_status":"closed","template":"","meta":{"_joinchat":[],"footnotes":""},"class_list":["post-5018","page","type-page","status-publish","hentry"],"yoast_head":"<!-- This site is optimized with the Yoast SEO plugin v26.5 - https:\/\/yoast.com\/wordpress\/plugins\/seo\/ -->\n<title>Prensa - Intermetperu<\/title>\n<meta name=\"robots\" content=\"index, follow, max-snippet:-1, max-image-preview:large, max-video-preview:-1\" \/>\n<link rel=\"canonical\" href=\"https:\/\/intermetperu.com\/en\/prensa\/\" \/>\n<meta property=\"og:locale\" content=\"en_US\" \/>\n<meta property=\"og:type\" content=\"article\" \/>\n<meta property=\"og:title\" content=\"Prensa - Intermetperu\" \/>\n<meta property=\"og:description\" content=\"Prensa Inicio \u00a0 \/ \u00a0 Notas de prensa MANTENGASE AL D\u00cdA CON LAS NOTICIAS Y ACTUALIZACIONES DE LA MINER\u00cdA Ministro Vera: Per\u00fa ir\u00e1 al PDAC 2024 a demostrar que somos un pa\u00eds muy elegible El titular de Energ\u00eda y Minas se\u00f1al\u00f3 que adem\u00e1s de la cartera de 73 proyectos, informar\u00e1n a los inversionistas los avances [&hellip;]\" \/>\n<meta property=\"og:url\" content=\"https:\/\/intermetperu.com\/en\/prensa\/\" \/>\n<meta property=\"og:site_name\" content=\"Intermetperu\" \/>\n<meta property=\"article:publisher\" content=\"https:\/\/www.facebook.com\/InterMetPeru\/?locale=es_LA\" \/>\n<meta property=\"article:modified_time\" content=\"2024-02-14T15:16:26+00:00\" \/>\n<meta property=\"og:image\" content=\"http:\/\/intermetperu.com\/wp-content\/uploads\/2024\/02\/pdac2024lanzamiento-1024x698.webp\" \/>\n<meta name=\"twitter:card\" content=\"summary_large_image\" \/>\n<meta name=\"twitter:label1\" content=\"Est. reading time\" \/>\n\t<meta name=\"twitter:data1\" content=\"8 minutes\" \/>\n<script type=\"application\/ld+json\" class=\"yoast-schema-graph\">{\"@context\":\"https:\/\/schema.org\",\"@graph\":[{\"@type\":\"WebPage\",\"@id\":\"https:\/\/intermetperu.com\/prensa\/\",\"url\":\"https:\/\/intermetperu.com\/prensa\/\",\"name\":\"Prensa - Intermetperu\",\"isPartOf\":{\"@id\":\"https:\/\/intermetperu.com\/#website\"},\"primaryImageOfPage\":{\"@id\":\"https:\/\/intermetperu.com\/prensa\/#primaryimage\"},\"image\":{\"@id\":\"https:\/\/intermetperu.com\/prensa\/#primaryimage\"},\"thumbnailUrl\":\"http:\/\/intermetperu.com\/wp-content\/uploads\/2024\/02\/pdac2024lanzamiento-1024x698.webp\",\"datePublished\":\"2024-02-13T00:55:47+00:00\",\"dateModified\":\"2024-02-14T15:16:26+00:00\",\"breadcrumb\":{\"@id\":\"https:\/\/intermetperu.com\/prensa\/#breadcrumb\"},\"inLanguage\":\"en-US\",\"potentialAction\":[{\"@type\":\"ReadAction\",\"target\":[\"https:\/\/intermetperu.com\/prensa\/\"]}]},{\"@type\":\"ImageObject\",\"inLanguage\":\"en-US\",\"@id\":\"https:\/\/intermetperu.com\/prensa\/#primaryimage\",\"url\":\"http:\/\/intermetperu.com\/wp-content\/uploads\/2024\/02\/pdac2024lanzamiento-1024x698.webp\",\"contentUrl\":\"http:\/\/intermetperu.com\/wp-content\/uploads\/2024\/02\/pdac2024lanzamiento-1024x698.webp\"},{\"@type\":\"BreadcrumbList\",\"@id\":\"https:\/\/intermetperu.com\/prensa\/#breadcrumb\",\"itemListElement\":[{\"@type\":\"ListItem\",\"position\":1,\"name\":\"Portada\",\"item\":\"https:\/\/intermetperu.com\/\"},{\"@type\":\"ListItem\",\"position\":2,\"name\":\"Prensa\"}]},{\"@type\":\"WebSite\",\"@id\":\"https:\/\/intermetperu.com\/#website\",\"url\":\"https:\/\/intermetperu.com\/\",\"name\":\"Intermetperu\",\"description\":\"intermeteperu\",\"publisher\":{\"@id\":\"https:\/\/intermetperu.com\/#organization\"},\"potentialAction\":[{\"@type\":\"SearchAction\",\"target\":{\"@type\":\"EntryPoint\",\"urlTemplate\":\"https:\/\/intermetperu.com\/?s={search_term_string}\"},\"query-input\":{\"@type\":\"PropertyValueSpecification\",\"valueRequired\":true,\"valueName\":\"search_term_string\"}}],\"inLanguage\":\"en-US\"},{\"@type\":\"Organization\",\"@id\":\"https:\/\/intermetperu.com\/#organization\",\"name\":\"Intermetperu\",\"url\":\"https:\/\/intermetperu.com\/\",\"logo\":{\"@type\":\"ImageObject\",\"inLanguage\":\"en-US\",\"@id\":\"https:\/\/intermetperu.com\/#\/schema\/logo\/image\/\",\"url\":\"https:\/\/intermetperu.com\/wp-content\/uploads\/2023\/05\/INTERMET-LOGO.png\",\"contentUrl\":\"https:\/\/intermetperu.com\/wp-content\/uploads\/2023\/05\/INTERMET-LOGO.png\",\"width\":3508,\"height\":1188,\"caption\":\"Intermetperu\"},\"image\":{\"@id\":\"https:\/\/intermetperu.com\/#\/schema\/logo\/image\/\"},\"sameAs\":[\"https:\/\/www.facebook.com\/InterMetPeru\/?locale=es_LA\",\"https:\/\/www.instagram.com\/intermet_peru\/?hl=en\"]}]}<\/script>\n<!-- \/ Yoast SEO plugin. -->","yoast_head_json":{"title":"Prensa - Intermetperu","robots":{"index":"index","follow":"follow","max-snippet":"max-snippet:-1","max-image-preview":"max-image-preview:large","max-video-preview":"max-video-preview:-1"},"canonical":"https:\/\/intermetperu.com\/en\/prensa\/","og_locale":"en_US","og_type":"article","og_title":"Prensa - Intermetperu","og_description":"Prensa Inicio \u00a0 \/ \u00a0 Notas de prensa MANTENGASE AL D\u00cdA CON LAS NOTICIAS Y ACTUALIZACIONES DE LA MINER\u00cdA Ministro Vera: Per\u00fa ir\u00e1 al PDAC 2024 a demostrar que somos un pa\u00eds muy elegible El titular de Energ\u00eda y Minas se\u00f1al\u00f3 que adem\u00e1s de la cartera de 73 proyectos, informar\u00e1n a los inversionistas los avances [&hellip;]","og_url":"https:\/\/intermetperu.com\/en\/prensa\/","og_site_name":"Intermetperu","article_publisher":"https:\/\/www.facebook.com\/InterMetPeru\/?locale=es_LA","article_modified_time":"2024-02-14T15:16:26+00:00","og_image":[{"url":"http:\/\/intermetperu.com\/wp-content\/uploads\/2024\/02\/pdac2024lanzamiento-1024x698.webp","type":"","width":"","height":""}],"twitter_card":"summary_large_image","twitter_misc":{"Est. reading time":"8 minutes"},"schema":{"@context":"https:\/\/schema.org","@graph":[{"@type":"WebPage","@id":"https:\/\/intermetperu.com\/prensa\/","url":"https:\/\/intermetperu.com\/prensa\/","name":"Prensa - Intermetperu","isPartOf":{"@id":"https:\/\/intermetperu.com\/#website"},"primaryImageOfPage":{"@id":"https:\/\/intermetperu.com\/prensa\/#primaryimage"},"image":{"@id":"https:\/\/intermetperu.com\/prensa\/#primaryimage"},"thumbnailUrl":"http:\/\/intermetperu.com\/wp-content\/uploads\/2024\/02\/pdac2024lanzamiento-1024x698.webp","datePublished":"2024-02-13T00:55:47+00:00","dateModified":"2024-02-14T15:16:26+00:00","breadcrumb":{"@id":"https:\/\/intermetperu.com\/prensa\/#breadcrumb"},"inLanguage":"en-US","potentialAction":[{"@type":"ReadAction","target":["https:\/\/intermetperu.com\/prensa\/"]}]},{"@type":"ImageObject","inLanguage":"en-US","@id":"https:\/\/intermetperu.com\/prensa\/#primaryimage","url":"http:\/\/intermetperu.com\/wp-content\/uploads\/2024\/02\/pdac2024lanzamiento-1024x698.webp","contentUrl":"http:\/\/intermetperu.com\/wp-content\/uploads\/2024\/02\/pdac2024lanzamiento-1024x698.webp"},{"@type":"BreadcrumbList","@id":"https:\/\/intermetperu.com\/prensa\/#breadcrumb","itemListElement":[{"@type":"ListItem","position":1,"name":"Portada","item":"https:\/\/intermetperu.com\/"},{"@type":"ListItem","position":2,"name":"Prensa"}]},{"@type":"WebSite","@id":"https:\/\/intermetperu.com\/#website","url":"https:\/\/intermetperu.com\/","name":"Intermetperu","description":"intermeteperu","publisher":{"@id":"https:\/\/intermetperu.com\/#organization"},"potentialAction":[{"@type":"SearchAction","target":{"@type":"EntryPoint","urlTemplate":"https:\/\/intermetperu.com\/?s={search_term_string}"},"query-input":{"@type":"PropertyValueSpecification","valueRequired":true,"valueName":"search_term_string"}}],"inLanguage":"en-US"},{"@type":"Organization","@id":"https:\/\/intermetperu.com\/#organization","name":"Intermetperu","url":"https:\/\/intermetperu.com\/","logo":{"@type":"ImageObject","inLanguage":"en-US","@id":"https:\/\/intermetperu.com\/#\/schema\/logo\/image\/","url":"https:\/\/intermetperu.com\/wp-content\/uploads\/2023\/05\/INTERMET-LOGO.png","contentUrl":"https:\/\/intermetperu.com\/wp-content\/uploads\/2023\/05\/INTERMET-LOGO.png","width":3508,"height":1188,"caption":"Intermetperu"},"image":{"@id":"https:\/\/intermetperu.com\/#\/schema\/logo\/image\/"},"sameAs":["https:\/\/www.facebook.com\/InterMetPeru\/?locale=es_LA","https:\/\/www.instagram.com\/intermet_peru\/?hl=en"]}]}},"_links":{"self":[{"href":"https:\/\/intermetperu.com\/en\/wp-json\/wp\/v2\/pages\/5018","targetHints":{"allow":["GET"]}}],"collection":[{"href":"https:\/\/intermetperu.com\/en\/wp-json\/wp\/v2\/pages"}],"about":[{"href":"https:\/\/intermetperu.com\/en\/wp-json\/wp\/v2\/types\/page"}],"author":[{"embeddable":true,"href":"https:\/\/intermetperu.com\/en\/wp-json\/wp\/v2\/users\/1"}],"replies":[{"embeddable":true,"href":"https:\/\/intermetperu.com\/en\/wp-json\/wp\/v2\/comments?post=5018"}],"version-history":[{"count":0,"href":"https:\/\/intermetperu.com\/en\/wp-json\/wp\/v2\/pages\/5018\/revisions"}],"wp:attachment":[{"href":"https:\/\/intermetperu.com\/en\/wp-json\/wp\/v2\/media?parent=5018"}],"curies":[{"name":"wp","href":"https:\/\/api.w.org\/{rel}","templated":true}]}}